{"id":30,"date":"2021-08-30T22:47:16","date_gmt":"2021-08-31T01:47:16","guid":{"rendered":"https:\/\/cbhmeiaponte.meioambiente.go.gov.br\/?page_id=30"},"modified":"2026-01-28T00:16:09","modified_gmt":"2026-01-28T03:16:09","slug":"reunioes","status":"publish","type":"page","link":"https:\/\/cbhmeiaponte.meioambiente.go.gov.br\/?page_id=30","title":{"rendered":"Editais\/Convoca\u00e7\u00f5es"},"content":{"rendered":"\n<p>Abaixo voc\u00ea poder\u00e1 conferir os editais e convoca\u00e7\u00f5es criados pelo CBH Meia Ponte. As convoca\u00e7\u00f5es s\u00e3o separadas entre ordin\u00e1rias e extraordin\u00e1rias e cada uma delas j\u00e1 vem com as informa\u00e7\u00f5es sobre a pauta a ser debatida na reuni\u00e3o, bem como o link da videochamada em reuni\u00f5es online. A Secretaria Executiva de cada CBH fica a cargo desses tr\u00e2mites. Todas as demandas solicitadas tamb\u00e9m via edital ser\u00e3o designadas nesta p\u00e1gina.<\/p>\n\n\n\n<div class=\"wp-block-atomic-blocks-ab-accordion ab-block-accordion\"><details><summary class=\"ab-accordion-title\">Convoca\u00e7\u00f5es Ordin\u00e1rias<\/summary><div class=\"ab-accordion-text\">\n<div class=\"wp-block-atomic-blocks-ab-accordion ab-block-accordion\"><details><summary class=\"ab-accordion-title\">2025<\/summary><div class=\"ab-accordion-text\">\n<p><a href=\"https:\/\/cbhmeiaponte.meioambiente.go.gov.br\/wp-content\/uploads\/2026\/01\/Convocacao-para-20a-Reuniao-Ordinaria-do-CBH-Meia-Ponte.pdf\">Convoca\u00e7\u00e3o &#8211; 20\u00aa Reuni\u00e3o Ordin\u00e1ria &#8211; Outubro 2025<\/a><\/p>\n\n\n\n<p><a href=\"https:\/\/cbhmeiaponte.meioambiente.go.gov.br\/wp-content\/uploads\/2025\/02\/Convocacao-para-19a-Reuniao-Ordinaria-do-CBH-Meia-Ponte.pdf\">Convoca\u00e7\u00e3o &#8211; 19\u00aa Reuni\u00e3o Ordin\u00e1ria &#8211; Janeiro 2025<\/a><\/p>\n<\/div><\/details><\/div>\n\n\n\n<div class=\"wp-block-atomic-blocks-ab-accordion ab-block-accordion\"><details><summary class=\"ab-accordion-title\">2024<\/summary><div class=\"ab-accordion-text\">\n<p><a href=\"https:\/\/cbhmeiaponte.meioambiente.go.gov.br\/wp-content\/uploads\/2024\/12\/Convocacao-para-18a-Reuniao-Ordinaria-do-CBH-Meia-Ponte-1.pdf\">Convoca\u00e7\u00e3o &#8211; 18\u00aa Reuni\u00e3o Ordin\u00e1ria<\/a><\/p>\n\n\n\n<p><a href=\"https:\/\/cbhmeiaponte.meioambiente.go.gov.br\/wp-content\/uploads\/2024\/02\/Convocacao-para-17a-Reuniao-Ordinaria-do-CBH-Meia-Ponte.pdf\" data-type=\"link\" data-id=\"https:\/\/cbhmeiaponte.meioambiente.go.gov.br\/wp-content\/uploads\/2024\/02\/Convocacao-para-17a-Reuniao-Ordinaria-do-CBH-Meia-Ponte.pdf\">Convoca\u00e7\u00e3o &#8211; 17\u00aa Reuni\u00e3o Ordin\u00e1ria<\/a><\/p>\n<\/div><\/details><\/div>\n\n\n\n<div class=\"wp-block-atomic-blocks-ab-accordion ab-block-accordion\"><details><summary class=\"ab-accordion-title\">2023<\/summary><div class=\"ab-accordion-text\">\n<p><a href=\"https:\/\/cbhmeiaponte.meioambiente.go.gov.br\/wp-content\/uploads\/2023\/01\/Convocacao-16o-Reuniao-Ordinaria-do-CBH-Meia-Ponte.pdf\" data-type=\"URL\" data-id=\"https:\/\/cbhmeiaponte.meioambiente.go.gov.br\/wp-content\/uploads\/2023\/01\/Convocacao-16o-Reuniao-Ordinaria-do-CBH-Meia-Ponte.pdf\" target=\"_blank\" rel=\"noreferrer noopener\">Convoca\u00e7\u00e3o &#8211; 16\u00aa Reuni\u00e3o Ordin\u00e1ria<\/a><\/p>\n<\/div><\/details><\/div>\n\n\n\n<div class=\"wp-block-atomic-blocks-ab-accordion ab-block-accordion\"><details><summary class=\"ab-accordion-title\">2022<\/summary><div class=\"ab-accordion-text\">\n<p><a rel=\"noreferrer noopener\" href=\"https:\/\/cbhmeiaponte.meioambiente.go.gov.br\/wp-content\/uploads\/2022\/10\/Convocacao-15o-Reuniao-Ordinaria-do-CBH-Meia-Ponte.pdf\" data-type=\"URL\" data-id=\"https:\/\/cbhmeiaponte.meioambiente.go.gov.br\/wp-content\/uploads\/2022\/10\/Convocacao-15o-Reuniao-Ordinaria-do-CBH-Meia-Ponte.pdf\" target=\"_blank\">Convoca\u00e7\u00e3o &#8211; 15\u00aa Reuni\u00e3o Ordin\u00e1ria<\/a><\/p>\n\n\n\n<p><a rel=\"noreferrer noopener\" href=\"https:\/\/cbhmeiaponte.meioambiente.go.gov.br\/wp-content\/uploads\/2022\/04\/14a-Convocacao-ORDINARIA-ABRIL2022.pdf\" data-type=\"URL\" data-id=\"https:\/\/cbhmeiaponte.meioambiente.go.gov.br\/wp-content\/uploads\/2022\/04\/14a-Convocacao-ORDINARIA-ABRIL2022.pdf\" target=\"_blank\">Convoca\u00e7\u00e3o &#8211; 14\u00aa Reuni\u00e3o Ordin\u00e1ria<\/a><\/p>\n<\/div><\/details><\/div>\n\n\n\n<div class=\"wp-block-atomic-blocks-ab-accordion ab-block-accordion\"><details><summary class=\"ab-accordion-title\">2021<\/summary><div class=\"ab-accordion-text\">\n<p><a rel=\"noreferrer noopener\" href=\"https:\/\/cbhmeiaponte.meioambiente.go.gov.br\/wp-content\/uploads\/2022\/02\/13a-Convocacao-ORDINARIA-OUTUBRO2021.pdf\" target=\"_blank\">Convoca\u00e7\u00e3o &#8211; 013<\/a><\/p>\n\n\n\n<p><a rel=\"noreferrer noopener\" href=\"https:\/\/cbhmeiaponte.meioambiente.go.gov.br\/wp-content\/uploads\/2021\/09\/12a-Convocacao-ORDINARIA-FEVEREIRO2021.pdf\" data-type=\"URL\" data-id=\"https:\/\/cbhmeiaponte.meioambiente.go.gov.br\/wp-content\/uploads\/2021\/09\/12a-Convocacao-ORDINARIA-FEVEREIRO2021.pdf\" target=\"_blank\">Convoca\u00e7\u00e3o &#8211; 012<\/a><\/p>\n<\/div><\/details><\/div>\n\n\n\n<div class=\"wp-block-atomic-blocks-ab-accordion ab-block-accordion\"><details><summary class=\"ab-accordion-title\">2020<\/summary><div class=\"ab-accordion-text\">\n<p><a href=\"https:\/\/cbhmeiaponte.meioambiente.go.gov.br\/wp-content\/uploads\/2021\/09\/11a-Convocacao-ORDINARIA-OUT2020.pdf\" data-type=\"URL\" data-id=\"https:\/\/cbhmeiaponte.meioambiente.go.gov.br\/wp-content\/uploads\/2021\/09\/11a-Convocacao-ORDINARIA-OUT2020.pdf\" target=\"_blank\" rel=\"noreferrer noopener\">Convoca\u00e7\u00e3o &#8211; 011 <\/a><\/p>\n\n\n\n<p><a href=\"https:\/\/cbhmeiaponte.meioambiente.go.gov.br\/wp-content\/uploads\/2021\/09\/10a-Convocacao-ORDINARIA-OUTUBRO2020.pdf\" data-type=\"URL\" data-id=\"https:\/\/cbhmeiaponte.meioambiente.go.gov.br\/wp-content\/uploads\/2021\/09\/10a-Convocacao-ORDINARIA-OUTUBRO2020.pdf\" target=\"_blank\" rel=\"noreferrer noopener\">Convoca\u00e7\u00e3o &#8211; 010<\/a><\/p>\n\n\n\n<p><a href=\"https:\/\/cbhmeiaponte.meioambiente.go.gov.br\/wp-content\/uploads\/2021\/09\/9a-Convocacao-ORDINARIA-SETEMBRO2020.pdf\" data-type=\"URL\" data-id=\"https:\/\/cbhmeiaponte.meioambiente.go.gov.br\/wp-content\/uploads\/2021\/09\/9a-Convocacao-ORDINARIA-SETEMBRO2020.pdf\" target=\"_blank\" rel=\"noreferrer noopener\">Convoca\u00e7\u00e3o &#8211; 009<\/a><\/p>\n\n\n\n<p><a rel=\"noreferrer noopener\" href=\"https:\/\/cbhmeiaponte.meioambiente.go.gov.br\/wp-content\/uploads\/2021\/09\/8a-Convocacao-ORDINARIA-FEVEREIRO2020.pdf\" data-type=\"URL\" data-id=\"https:\/\/cbhmeiaponte.meioambiente.go.gov.br\/wp-content\/uploads\/2021\/09\/8a-Convocacao-ORDINARIA-FEVEREIRO2020.pdf\" target=\"_blank\">Convoca\u00e7\u00e3o &#8211; 008<\/a><\/p>\n<\/div><\/details><\/div>\n\n\n\n<div class=\"wp-block-atomic-blocks-ab-accordion ab-block-accordion\"><details><summary class=\"ab-accordion-title\">2019<\/summary><div class=\"ab-accordion-text\">\n<p><a href=\"https:\/\/cbhmeiaponte.meioambiente.go.gov.br\/wp-content\/uploads\/2023\/01\/CONVOCACAO-7a-REUNIAO-ORDINARIA-CBH-Meia-Ponte.pdf\" data-type=\"URL\" data-id=\"https:\/\/cbhmeiaponte.meioambiente.go.gov.br\/wp-content\/uploads\/2023\/01\/CONVOCACAO-7a-REUNIAO-ORDINARIA-CBH-Meia-Ponte.pdf\" target=\"_blank\" rel=\"noreferrer noopener\">Convoca\u00e7\u00e3o &#8211; 007<\/a><\/p>\n\n\n\n<p><a rel=\"noreferrer noopener\" href=\"https:\/\/cbhmeiaponte.meioambiente.go.gov.br\/wp-content\/uploads\/2021\/09\/6a-Convocacao-ORDINARIA-MARCO2019.pdf\" data-type=\"URL\" data-id=\"https:\/\/cbhmeiaponte.meioambiente.go.gov.br\/wp-content\/uploads\/2021\/09\/6a-Convocacao-ORDINARIA-MARCO2019.pdf\" target=\"_blank\">Convoca\u00e7\u00e3o &#8211; 006<\/a><\/p>\n\n\n\n<p><\/p>\n<\/div><\/details><\/div>\n\n\n\n<div class=\"wp-block-atomic-blocks-ab-accordion ab-block-accordion\"><details><summary class=\"ab-accordion-title\">2018<\/summary><div class=\"ab-accordion-text\">\n<p><a href=\"https:\/\/cbhmeiaponte.meioambiente.go.gov.br\/wp-content\/uploads\/2021\/09\/5a-Convocacao-ORDINARIA-SETEMBRO2018.pdf\" data-type=\"URL\" data-id=\"https:\/\/cbhmeiaponte.meioambiente.go.gov.br\/wp-content\/uploads\/2021\/09\/5a-Convocacao-ORDINARIA-SETEMBRO2018.pdf\" target=\"_blank\" rel=\"noreferrer noopener\">Convoca\u00e7\u00e3o &#8211; 005 <\/a><\/p>\n\n\n\n<p><a href=\"https:\/\/cbhmeiaponte.meioambiente.go.gov.br\/wp-content\/uploads\/2021\/09\/4a-Convocacao-ORDINARIA-AGOSTO2018.pdf\" data-type=\"URL\" data-id=\"https:\/\/cbhmeiaponte.meioambiente.go.gov.br\/wp-content\/uploads\/2021\/09\/4a-Convocacao-ORDINARIA-AGOSTO2018.pdf\" target=\"_blank\" rel=\"noreferrer noopener\">Convoca\u00e7\u00e3o &#8211; 004<\/a><\/p>\n\n\n\n<p><a href=\"https:\/\/cbhmeiaponte.meioambiente.go.gov.br\/wp-content\/uploads\/2021\/09\/3a-Convocacao-ORDINARIA-MARCO2018.pdf\" data-type=\"URL\" data-id=\"https:\/\/cbhmeiaponte.meioambiente.go.gov.br\/wp-content\/uploads\/2021\/09\/3a-Convocacao-ORDINARIA-MARCO2018.pdf\" target=\"_blank\" rel=\"noreferrer noopener\">Convoca\u00e7\u00e3o &#8211; 003<\/a><\/p>\n<\/div><\/details><\/div>\n\n\n\n<div class=\"wp-block-atomic-blocks-ab-accordion ab-block-accordion\"><details><summary class=\"ab-accordion-title\">2017<\/summary><div class=\"ab-accordion-text\">\n<p><a href=\"https:\/\/cbhmeiaponte.meioambiente.go.gov.br\/wp-content\/uploads\/2021\/09\/2a-Convocacao-ORDINARIA-FEVEREIRO2017.pdf\" data-type=\"URL\" data-id=\"https:\/\/cbhmeiaponte.meioambiente.go.gov.br\/wp-content\/uploads\/2021\/09\/2a-Convocacao-ORDINARIA-FEVEREIRO2017.pdf\" target=\"_blank\" rel=\"noreferrer noopener\">Convoca\u00e7\u00e3o &#8211; 002 <\/a><\/p>\n\n\n\n<p><a href=\"https:\/\/cbhmeiaponte.meioambiente.go.gov.br\/wp-content\/uploads\/2021\/09\/1a-Convocacao-ORDINARIA-SETEMBRO2017.pdf\" data-type=\"URL\" data-id=\"https:\/\/cbhmeiaponte.meioambiente.go.gov.br\/wp-content\/uploads\/2021\/09\/1a-Convocacao-ORDINARIA-SETEMBRO2017.pdf\" target=\"_blank\" rel=\"noreferrer noopener\">Convoca\u00e7\u00e3o &#8211; 001<\/a><\/p>\n<\/div><\/details><\/div>\n<\/div><\/details><\/div>\n\n\n\n<div class=\"wp-block-atomic-blocks-ab-accordion ab-block-accordion\"><details><summary class=\"ab-accordion-title\">Convoca\u00e7\u00f5es Extraordin\u00e1rias<\/summary><div class=\"ab-accordion-text\">\n<div class=\"wp-block-atomic-blocks-ab-accordion ab-block-accordion\"><details><summary class=\"ab-accordion-title\">2025<\/summary><div class=\"ab-accordion-text\">\n<p><a href=\"https:\/\/cbhmeiaponte.meioambiente.go.gov.br\/wp-content\/uploads\/2025\/09\/Convocacao-para-25a-Reuniao-Extraordinaria-do-CBH-Meia-Ponte.pdf\">25\u00aa Convoca\u00e7\u00e3o EXTRAORDIN\u00c1RIA <\/a><\/p>\n\n\n\n<p><a href=\"https:\/\/cbhmeiaponte.meioambiente.go.gov.br\/wp-content\/uploads\/2025\/06\/Convocacao-para-24a-Reuniao-Extraordinaria-do-CBH-Meia-Ponte.pdf\">24\u00aa Convoca\u00e7\u00e3o EXTRAORDIN\u00c1RIA <\/a><\/p>\n\n\n\n<p><\/p>\n\n\n\n<p><\/p>\n<\/div><\/details><\/div>\n\n\n\n<div class=\"wp-block-atomic-blocks-ab-accordion ab-block-accordion\"><details><summary class=\"ab-accordion-title\">2024<\/summary><div class=\"ab-accordion-text\">\n<p><a href=\"https:\/\/cbhmeiaponte.meioambiente.go.gov.br\/wp-content\/uploads\/2024\/09\/Convocacao-para-23a-Reuniao-Extraordinaria-do-CBH-Meia-Ponte.pdf\" target=\"_blank\" rel=\"noreferrer noopener\">23\u00aa Convoca\u00e7\u00e3o EXTRAORDIN\u00c1RIA <\/a><\/p>\n\n\n\n<p><a href=\"https:\/\/cbhmeiaponte.meioambiente.go.gov.br\/wp-content\/uploads\/2024\/08\/Convocacao-para-22a-Reuniao-Extraordinaria-do-CBH-Meia-Ponte-.pdf\" target=\"_blank\" rel=\"noreferrer noopener\">22\u00aa Convoca\u00e7\u00e3o EXTRAORDIN\u00c1RIA <\/a><\/p>\n\n\n\n<p><a href=\"https:\/\/cbhmeiaponte.meioambiente.go.gov.br\/wp-content\/uploads\/2024\/06\/Convocacao-para-21a-Reuniao-Extraordinaria-do-CBH-Meia-Ponte-1.pdf\" data-type=\"link\" data-id=\"https:\/\/cbhmeiaponte.meioambiente.go.gov.br\/wp-content\/uploads\/2024\/06\/Convocacao-para-21a-Reuniao-Extraordinaria-do-CBH-Meia-Ponte-1.pdf\" target=\"_blank\" rel=\"noreferrer noopener\">21\u00aa Convoca\u00e7\u00e3o EXTRAORDIN\u00c1RIA <\/a><\/p>\n\n\n\n<p><\/p>\n<\/div><\/details><\/div>\n\n\n\n<div class=\"wp-block-atomic-blocks-ab-accordion ab-block-accordion\"><details><summary class=\"ab-accordion-title\">2023<\/summary><div class=\"ab-accordion-text\">\n<p><a href=\"https:\/\/cbhmeiaponte.meioambiente.go.gov.br\/wp-content\/uploads\/2023\/08\/Convocacao-para-20a-Reuniao-Extraordinaria-do-CBH-Meia-Ponte-1.pdf\" data-type=\"URL\" data-id=\"https:\/\/cbhmeiaponte.meioambiente.go.gov.br\/wp-content\/uploads\/2023\/08\/Convocacao-para-20a-Reuniao-Extraordinaria-do-CBH-Meia-Ponte-1.pdf\" target=\"_blank\" rel=\"noreferrer noopener\">20\u00aa Convoca\u00e7\u00e3o EXTRAORDIN\u00c1RIA <\/a><\/p>\n\n\n\n<p><a rel=\"noreferrer noopener\" href=\"https:\/\/cbhmeiaponte.meioambiente.go.gov.br\/wp-content\/uploads\/2023\/03\/Convocacao-19o-Reuniao-Extraordinaria-do-CBH-Meia-Ponte.pdf\" data-type=\"URL\" data-id=\"https:\/\/cbhmeiaponte.meioambiente.go.gov.br\/wp-content\/uploads\/2023\/03\/Convocacao-19o-Reuniao-Extraordinaria-do-CBH-Meia-Ponte.pdf\" target=\"_blank\">19\u00aa Convoca\u00e7\u00e3o EXTRAORDIN\u00c1RIA <\/a><\/p>\n\n\n\n<p><\/p>\n<\/div><\/details><\/div>\n\n\n\n<div class=\"wp-block-atomic-blocks-ab-accordion ab-block-accordion\"><details><summary class=\"ab-accordion-title\">2022<\/summary><div class=\"ab-accordion-text\">\n<p><a href=\"https:\/\/cbhmeiaponte.meioambiente.go.gov.br\/wp-content\/uploads\/2022\/09\/Convocacao-18o-Reuniao-Extraordinaria-do-CBH-Meia-Ponte.pdf\" data-type=\"URL\" data-id=\"https:\/\/cbhmeiaponte.meioambiente.go.gov.br\/wp-content\/uploads\/2022\/09\/Convocacao-18o-Reuniao-Extraordinaria-do-CBH-Meia-Ponte.pdf\" target=\"_blank\" rel=\"noreferrer noopener\">Convoca\u00e7\u00e3o &#8211; 018<\/a><\/p>\n\n\n\n<p><a rel=\"noreferrer noopener\" href=\"https:\/\/cbhmeiaponte.meioambiente.go.gov.br\/wp-content\/uploads\/2022\/06\/Convocacao-17a-Reuniao-Extraordinaria-do-CBH-Meia-Ponte.pdf\" data-type=\"URL\" data-id=\"https:\/\/cbhmeiaponte.meioambiente.go.gov.br\/wp-content\/uploads\/2022\/06\/Convocacao-17a-Reuniao-Extraordinaria-do-CBH-Meia-Ponte.pdf\" target=\"_blank\">Convoca\u00e7\u00e3o &#8211; 017<\/a><\/p>\n\n\n\n<p><a rel=\"noreferrer noopener\" href=\"https:\/\/cbhmeiaponte.meioambiente.go.gov.br\/wp-content\/uploads\/2022\/02\/16a-Convocacao-EXTRAORDINARIA-FEVEREIRO2022.pdf\" data-type=\"URL\" data-id=\"https:\/\/cbhmeiaponte.meioambiente.go.gov.br\/wp-content\/uploads\/2022\/02\/16a-Convocacao-EXTRAORDINARIA-FEVEREIRO2022.pdf\" target=\"_blank\">Convoca\u00e7\u00e3o &#8211; 016<\/a><\/p>\n\n\n\n<p><a href=\"https:\/\/cbhmeiaponte.meioambiente.go.gov.br\/wp-content\/uploads\/2022\/02\/15a-Convocacao-EXTRAORDINARIA-JANEIRO2022.pdf\" data-type=\"URL\" data-id=\"https:\/\/cbhmeiaponte.meioambiente.go.gov.br\/wp-content\/uploads\/2022\/02\/15a-Convocacao-EXTRAORDINARIA-JANEIRO2022.pdf\" target=\"_blank\" rel=\"noreferrer noopener\">Convoca\u00e7\u00e3o &#8211; 015<\/a><\/p>\n<\/div><\/details><\/div>\n\n\n\n<div class=\"wp-block-atomic-blocks-ab-accordion ab-block-accordion\"><details><summary class=\"ab-accordion-title\">2021<\/summary><div class=\"ab-accordion-text\">\n<p><a href=\"https:\/\/cbhmeiaponte.meioambiente.go.gov.br\/wp-content\/uploads\/2021\/09\/14a-Convocacao-EXTRAORDINARIA-SETEMBRO-2021.pdf\" data-type=\"URL\" data-id=\"https:\/\/cbhmeiaponte.meioambiente.go.gov.br\/wp-content\/uploads\/2021\/09\/14a-Convocacao-EXTRAORDINARIA-SETEMBRO-2021.pdf\" target=\"_blank\" rel=\"noreferrer noopener\">Convoca\u00e7\u00e3o &#8211; 014<\/a><\/p>\n\n\n\n<p><a rel=\"noreferrer noopener\" href=\"https:\/\/cbhmeiaponte.meioambiente.go.gov.br\/wp-content\/uploads\/2021\/09\/13a-Convocacao-EXTRAORDINARIA-MAIO2021.pdf\" data-type=\"URL\" data-id=\"https:\/\/cbhmeiaponte.meioambiente.go.gov.br\/wp-content\/uploads\/2021\/09\/13a-Convocacao-EXTRAORDINARIA-MAIO2021.pdf\" target=\"_blank\">Convoca\u00e7\u00e3o &#8211; 013<\/a> <\/p>\n\n\n\n<p><a href=\"https:\/\/cbhmeiaponte.meioambiente.go.gov.br\/wp-content\/uploads\/2021\/09\/12a-Convocacao-EXTRAORDINARIA-ABRIL2021.pdf\" data-type=\"URL\" data-id=\"https:\/\/cbhmeiaponte.meioambiente.go.gov.br\/wp-content\/uploads\/2021\/09\/12a-Convocacao-EXTRAORDINARIA-ABRIL2021.pdf\" target=\"_blank\" rel=\"noreferrer noopener\">Convoca\u00e7\u00e3o &#8211; 012<\/a> <\/p>\n\n\n\n<p><a href=\"https:\/\/cbhmeiaponte.meioambiente.go.gov.br\/wp-content\/uploads\/2021\/09\/11a-Convocacao-EXTRAORDINARIA-JANEIRO2021.pdf\" data-type=\"URL\" data-id=\"https:\/\/cbhmeiaponte.meioambiente.go.gov.br\/wp-content\/uploads\/2021\/09\/11a-Convocacao-EXTRAORDINARIA-JANEIRO2021.pdf\" target=\"_blank\" rel=\"noreferrer noopener\">Convoca\u00e7\u00e3o &#8211; 011<\/a> <\/p>\n<\/div><\/details><\/div>\n\n\n\n<div class=\"wp-block-atomic-blocks-ab-accordion ab-block-accordion\"><details><summary class=\"ab-accordion-title\">2020<\/summary><div class=\"ab-accordion-text\">\n<p><a href=\"https:\/\/cbhmeiaponte.meioambiente.go.gov.br\/wp-content\/uploads\/2021\/09\/10a-Convocacao-EXTRAORDINARIA-JUNHO2020.pdf\" data-type=\"URL\" data-id=\"https:\/\/cbhmeiaponte.meioambiente.go.gov.br\/wp-content\/uploads\/2021\/09\/10a-Convocacao-EXTRAORDINARIA-JUNHO2020.pdf\" target=\"_blank\" rel=\"noreferrer noopener\">Convoca\u00e7\u00e3o &#8211; 010<\/a>  <\/p>\n\n\n\n<p><a href=\"https:\/\/cbhmeiaponte.meioambiente.go.gov.br\/wp-content\/uploads\/2021\/09\/9a-Convocacao-EXTRAORDINARIA-JANEIRO2020.pdf\" data-type=\"URL\" data-id=\"https:\/\/cbhmeiaponte.meioambiente.go.gov.br\/wp-content\/uploads\/2021\/09\/9a-Convocacao-EXTRAORDINARIA-JANEIRO2020.pdf\" target=\"_blank\" rel=\"noreferrer noopener\">Convoca\u00e7\u00e3o &#8211; 009<\/a><\/p>\n<\/div><\/details><\/div>\n\n\n\n<div class=\"wp-block-atomic-blocks-ab-accordion ab-block-accordion\"><details><summary class=\"ab-accordion-title\">2019<\/summary><div class=\"ab-accordion-text\">\n<p><a href=\"https:\/\/cbhmeiaponte.meioambiente.go.gov.br\/wp-content\/uploads\/2021\/09\/8a-Convocacao-EXTRAORDINARIA-MAIO2019.pdf\" data-type=\"URL\" data-id=\"https:\/\/cbhmeiaponte.meioambiente.go.gov.br\/wp-content\/uploads\/2021\/09\/8a-Convocacao-EXTRAORDINARIA-MAIO2019.pdf\" target=\"_blank\" rel=\"noreferrer noopener\">Convoca\u00e7\u00e3o &#8211; 008<\/a>  <\/p>\n\n\n\n<p><a href=\"https:\/\/cbhmeiaponte.meioambiente.go.gov.br\/wp-content\/uploads\/2021\/09\/7a-Convocacao-EXTRAORDINARIA-JANEIRO2019.pdf\" data-type=\"URL\" data-id=\"https:\/\/cbhmeiaponte.meioambiente.go.gov.br\/wp-content\/uploads\/2021\/09\/7a-Convocacao-EXTRAORDINARIA-JANEIRO2019.pdf\" target=\"_blank\" rel=\"noreferrer noopener\">Convoca\u00e7\u00e3o &#8211; 007<\/a><\/p>\n<\/div><\/details><\/div>\n\n\n\n<div class=\"wp-block-atomic-blocks-ab-accordion ab-block-accordion\"><details><summary class=\"ab-accordion-title\">2018<\/summary><div class=\"ab-accordion-text\">\n<p><a href=\"https:\/\/cbhmeiaponte.meioambiente.go.gov.br\/wp-content\/uploads\/2021\/09\/6a-Convocacao-EXTRAORDINARIA-DEZEMBRO2018.pdf\" data-type=\"URL\" data-id=\"https:\/\/cbhmeiaponte.meioambiente.go.gov.br\/wp-content\/uploads\/2021\/09\/6a-Convocacao-EXTRAORDINARIA-DEZEMBRO2018.pdf\" target=\"_blank\" rel=\"noreferrer noopener\">Convoca\u00e7\u00e3o &#8211; 006<\/a>  <\/p>\n\n\n\n<p><a href=\"https:\/\/cbhmeiaponte.meioambiente.go.gov.br\/wp-content\/uploads\/2021\/09\/5a-Convocacao-EXTRAORDINARIA-JULHO2018.pdf\" data-type=\"URL\" data-id=\"https:\/\/cbhmeiaponte.meioambiente.go.gov.br\/wp-content\/uploads\/2021\/09\/5a-Convocacao-EXTRAORDINARIA-JULHO2018.pdf\" target=\"_blank\" rel=\"noreferrer noopener\">Convoca\u00e7\u00e3o &#8211; 005<\/a><\/p>\n\n\n\n<p><a href=\"https:\/\/cbhmeiaponte.meioambiente.go.gov.br\/wp-content\/uploads\/2021\/09\/5.a-Convocacao-EXTRAORDINARIA-JULHO2018.pdf\" data-type=\"URL\" data-id=\"https:\/\/cbhmeiaponte.meioambiente.go.gov.br\/wp-content\/uploads\/2021\/09\/5.a-Convocacao-EXTRAORDINARIA-JULHO2018.pdf\" target=\"_blank\" rel=\"noreferrer noopener\">Convoca\u00e7\u00e3o &#8211; 005-1<\/a><\/p>\n<\/div><\/details><\/div>\n\n\n\n<div class=\"wp-block-atomic-blocks-ab-accordion ab-block-accordion\"><details><summary class=\"ab-accordion-title\">2017<\/summary><div class=\"ab-accordion-text\">\n<p><a href=\"https:\/\/cbhmeiaponte.meioambiente.go.gov.br\/wp-content\/uploads\/2021\/09\/4a-Convocacao-EXTRAORDINARIA-SETEMBRO2017.pdf\" data-type=\"URL\" data-id=\"https:\/\/cbhmeiaponte.meioambiente.go.gov.br\/wp-content\/uploads\/2021\/09\/4a-Convocacao-EXTRAORDINARIA-SETEMBRO2017.pdf\" target=\"_blank\" rel=\"noreferrer noopener\">Convoca\u00e7\u00e3o &#8211; 004<\/a><\/p>\n\n\n\n<p><a href=\"https:\/\/cbhmeiaponte.meioambiente.go.gov.br\/wp-content\/uploads\/2021\/09\/3a-Convocacao-EXTRAORDINARIA-SET-2017.pdf\" data-type=\"URL\" data-id=\"https:\/\/cbhmeiaponte.meioambiente.go.gov.br\/wp-content\/uploads\/2021\/09\/3a-Convocacao-EXTRAORDINARIA-SET-2017.pdf\" target=\"_blank\" rel=\"noreferrer noopener\">Convoca\u00e7\u00e3o &#8211; 003<\/a><\/p>\n\n\n\n<p><a href=\"https:\/\/cbhmeiaponte.meioambiente.go.gov.br\/wp-content\/uploads\/2021\/09\/2a-Convocacao-EXTRAORDINARIA-ABRIL-2017.pdf\" data-type=\"URL\" data-id=\"https:\/\/cbhmeiaponte.meioambiente.go.gov.br\/wp-content\/uploads\/2021\/09\/2a-Convocacao-EXTRAORDINARIA-ABRIL-2017.pdf\" target=\"_blank\" rel=\"noreferrer noopener\">Convoca\u00e7\u00e3o &#8211; 002<\/a><\/p>\n\n\n\n<p><a href=\"https:\/\/cbhmeiaponte.meioambiente.go.gov.br\/wp-content\/uploads\/2021\/09\/1a-Convocacao-EXTRAORDINARIA-2017.pdf\" data-type=\"URL\" data-id=\"https:\/\/cbhmeiaponte.meioambiente.go.gov.br\/wp-content\/uploads\/2021\/09\/1a-Convocacao-EXTRAORDINARIA-2017.pdf\" target=\"_blank\" rel=\"noreferrer noopener\">Convoca\u00e7\u00e3o &#8211; 001<\/a><\/p>\n<\/div><\/details><\/div>\n<\/div><\/details><\/div>\n\n\n\n<div class=\"wp-block-atomic-blocks-ab-accordion ab-block-accordion\"><details><summary class=\"ab-accordion-title\">Convoca\u00e7\u00f5es Reuni\u00e3o Conjunta<\/summary><div class=\"ab-accordion-text\">\n<p><a href=\"https:\/\/cbhmeiaponte.meioambiente.go.gov.br\/wp-content\/uploads\/2024\/06\/1a-Reuniao-Conjunta-dos-CBHs-Goianos.pdf\" data-type=\"link\" data-id=\"https:\/\/cbhmeiaponte.meioambiente.go.gov.br\/wp-content\/uploads\/2024\/06\/1a-Reuniao-Conjunta-dos-CBHs-Goianos.pdf\" target=\"_blank\" rel=\"noreferrer noopener\">1\u00aa Reuni\u00e3o Extraordin\u00e1ria Conjunta dos CBHs Goianos<\/a><\/p>\n<\/div><\/details><\/div>\n","protected":false},"excerpt":{"rendered":"<p>Abaixo voc\u00ea poder\u00e1 conferir os editais e convoca\u00e7\u00f5es criados pelo CBH Meia Ponte. As convoca\u00e7\u00f5es s\u00e3o separadas entre ordin\u00e1rias e extraordin\u00e1rias e cada uma delas j\u00e1 vem com as informa\u00e7\u00f5es sobre a pauta a ser debatida na reuni\u00e3o, bem como o link da videochamada em reuni\u00f5es online. A Secretaria Executiva de cada CBH fica a [&hellip;]<\/p>\n","protected":false},"author":2,"featured_media":0,"parent":0,"menu_order":0,"comment_status":"closed","ping_status":"closed","template":"general-template.php","meta":{"footnotes":""},"class_list":["post-30","page","type-page","status-publish","hentry"],"yoast_head":"<!-- This site is optimized with the Yoast SEO plugin v27.3 - https:\/\/yoast.com\/product\/yoast-seo-wordpress\/ -->\n<title>Editais\/Convoca\u00e7\u00f5es - cbhmeiaponte<\/title>\n<meta name=\"robots\" content=\"index, follow, max-snippet:-1, max-image-preview:large, max-video-preview:-1\" \/>\n<link rel=\"canonical\" href=\"https:\/\/cbhmeiaponte.meioambiente.go.gov.br\/?page_id=30\" \/>\n<meta property=\"og:locale\" content=\"pt_BR\" \/>\n<meta property=\"og:type\" content=\"article\" \/>\n<meta property=\"og:title\" content=\"Editais\/Convoca\u00e7\u00f5es - cbhmeiaponte\" \/>\n<meta property=\"og:description\" content=\"Abaixo voc\u00ea poder\u00e1 conferir os editais e convoca\u00e7\u00f5es criados pelo CBH Meia Ponte. As convoca\u00e7\u00f5es s\u00e3o separadas entre ordin\u00e1rias e extraordin\u00e1rias e cada uma delas j\u00e1 vem com as informa\u00e7\u00f5es sobre a pauta a ser debatida na reuni\u00e3o, bem como o link da videochamada em reuni\u00f5es online. A Secretaria Executiva de cada CBH fica a [&hellip;]\" \/>\n<meta property=\"og:url\" content=\"https:\/\/cbhmeiaponte.meioambiente.go.gov.br\/?page_id=30\" \/>\n<meta property=\"og:site_name\" content=\"cbhmeiaponte\" \/>\n<meta property=\"article:modified_time\" content=\"2026-01-28T03:16:09+00:00\" \/>\n<meta name=\"twitter:card\" content=\"summary_large_image\" \/>\n<meta name=\"twitter:label1\" content=\"Est. tempo de leitura\" \/>\n\t<meta name=\"twitter:data1\" content=\"2 minutos\" \/>\n<script type=\"application\/ld+json\" class=\"yoast-schema-graph\">{\"@context\":\"https:\\\/\\\/schema.org\",\"@graph\":[{\"@type\":\"WebPage\",\"@id\":\"https:\\\/\\\/cbhmeiaponte.meioambiente.go.gov.br\\\/?page_id=30\",\"url\":\"https:\\\/\\\/cbhmeiaponte.meioambiente.go.gov.br\\\/?page_id=30\",\"name\":\"Editais\\\/Convoca\u00e7\u00f5es - cbhmeiaponte\",\"isPartOf\":{\"@id\":\"https:\\\/\\\/cbhmeiaponte.meioambiente.go.gov.br\\\/#website\"},\"datePublished\":\"2021-08-31T01:47:16+00:00\",\"dateModified\":\"2026-01-28T03:16:09+00:00\",\"breadcrumb\":{\"@id\":\"https:\\\/\\\/cbhmeiaponte.meioambiente.go.gov.br\\\/?page_id=30#breadcrumb\"},\"inLanguage\":\"pt-BR\",\"potentialAction\":[{\"@type\":\"ReadAction\",\"target\":[\"https:\\\/\\\/cbhmeiaponte.meioambiente.go.gov.br\\\/?page_id=30\"]}]},{\"@type\":\"BreadcrumbList\",\"@id\":\"https:\\\/\\\/cbhmeiaponte.meioambiente.go.gov.br\\\/?page_id=30#breadcrumb\",\"itemListElement\":[{\"@type\":\"ListItem\",\"position\":1,\"name\":\"In\u00edcio\",\"item\":\"https:\\\/\\\/cbhmeiaponte.meioambiente.go.gov.br\\\/\"},{\"@type\":\"ListItem\",\"position\":2,\"name\":\"Editais\\\/Convoca\u00e7\u00f5es\"}]},{\"@type\":\"WebSite\",\"@id\":\"https:\\\/\\\/cbhmeiaponte.meioambiente.go.gov.br\\\/#website\",\"url\":\"https:\\\/\\\/cbhmeiaponte.meioambiente.go.gov.br\\\/\",\"name\":\"cbhmeiaponte\",\"description\":\"Comit\u00ea da Bacia Hidrogr\u00e1fica do Rio Meia Ponte\",\"publisher\":{\"@id\":\"https:\\\/\\\/cbhmeiaponte.meioambiente.go.gov.br\\\/#organization\"},\"potentialAction\":[{\"@type\":\"SearchAction\",\"target\":{\"@type\":\"EntryPoint\",\"urlTemplate\":\"https:\\\/\\\/cbhmeiaponte.meioambiente.go.gov.br\\\/?s={search_term_string}\"},\"query-input\":{\"@type\":\"PropertyValueSpecification\",\"valueRequired\":true,\"valueName\":\"search_term_string\"}}],\"inLanguage\":\"pt-BR\"},{\"@type\":\"Organization\",\"@id\":\"https:\\\/\\\/cbhmeiaponte.meioambiente.go.gov.br\\\/#organization\",\"name\":\"cbhmeiaponte\",\"url\":\"https:\\\/\\\/cbhmeiaponte.meioambiente.go.gov.br\\\/\",\"logo\":{\"@type\":\"ImageObject\",\"inLanguage\":\"pt-BR\",\"@id\":\"https:\\\/\\\/cbhmeiaponte.meioambiente.go.gov.br\\\/#\\\/schema\\\/logo\\\/image\\\/\",\"url\":\"https:\\\/\\\/i0.wp.com\\\/cbhmeiaponte.meioambiente.go.gov.br\\\/wp-content\\\/uploads\\\/2022\\\/04\\\/cropped-CBH-Meia-Ponte.png?fit=315%2C80&ssl=1\",\"contentUrl\":\"https:\\\/\\\/i0.wp.com\\\/cbhmeiaponte.meioambiente.go.gov.br\\\/wp-content\\\/uploads\\\/2022\\\/04\\\/cropped-CBH-Meia-Ponte.png?fit=315%2C80&ssl=1\",\"width\":315,\"height\":80,\"caption\":\"cbhmeiaponte\"},\"image\":{\"@id\":\"https:\\\/\\\/cbhmeiaponte.meioambiente.go.gov.br\\\/#\\\/schema\\\/logo\\\/image\\\/\"}}]}<\/script>\n<!-- \/ Yoast SEO plugin. -->","yoast_head_json":{"title":"Editais\/Convoca\u00e7\u00f5es - cbhmeiaponte","robots":{"index":"index","follow":"follow","max-snippet":"max-snippet:-1","max-image-preview":"max-image-preview:large","max-video-preview":"max-video-preview:-1"},"canonical":"https:\/\/cbhmeiaponte.meioambiente.go.gov.br\/?page_id=30","og_locale":"pt_BR","og_type":"article","og_title":"Editais\/Convoca\u00e7\u00f5es - cbhmeiaponte","og_description":"Abaixo voc\u00ea poder\u00e1 conferir os editais e convoca\u00e7\u00f5es criados pelo CBH Meia Ponte. As convoca\u00e7\u00f5es s\u00e3o separadas entre ordin\u00e1rias e extraordin\u00e1rias e cada uma delas j\u00e1 vem com as informa\u00e7\u00f5es sobre a pauta a ser debatida na reuni\u00e3o, bem como o link da videochamada em reuni\u00f5es online. A Secretaria Executiva de cada CBH fica a [&hellip;]","og_url":"https:\/\/cbhmeiaponte.meioambiente.go.gov.br\/?page_id=30","og_site_name":"cbhmeiaponte","article_modified_time":"2026-01-28T03:16:09+00:00","twitter_card":"summary_large_image","twitter_misc":{"Est. tempo de leitura":"2 minutos"},"schema":{"@context":"https:\/\/schema.org","@graph":[{"@type":"WebPage","@id":"https:\/\/cbhmeiaponte.meioambiente.go.gov.br\/?page_id=30","url":"https:\/\/cbhmeiaponte.meioambiente.go.gov.br\/?page_id=30","name":"Editais\/Convoca\u00e7\u00f5es - cbhmeiaponte","isPartOf":{"@id":"https:\/\/cbhmeiaponte.meioambiente.go.gov.br\/#website"},"datePublished":"2021-08-31T01:47:16+00:00","dateModified":"2026-01-28T03:16:09+00:00","breadcrumb":{"@id":"https:\/\/cbhmeiaponte.meioambiente.go.gov.br\/?page_id=30#breadcrumb"},"inLanguage":"pt-BR","potentialAction":[{"@type":"ReadAction","target":["https:\/\/cbhmeiaponte.meioambiente.go.gov.br\/?page_id=30"]}]},{"@type":"BreadcrumbList","@id":"https:\/\/cbhmeiaponte.meioambiente.go.gov.br\/?page_id=30#breadcrumb","itemListElement":[{"@type":"ListItem","position":1,"name":"In\u00edcio","item":"https:\/\/cbhmeiaponte.meioambiente.go.gov.br\/"},{"@type":"ListItem","position":2,"name":"Editais\/Convoca\u00e7\u00f5es"}]},{"@type":"WebSite","@id":"https:\/\/cbhmeiaponte.meioambiente.go.gov.br\/#website","url":"https:\/\/cbhmeiaponte.meioambiente.go.gov.br\/","name":"cbhmeiaponte","description":"Comit\u00ea da Bacia Hidrogr\u00e1fica do Rio Meia Ponte","publisher":{"@id":"https:\/\/cbhmeiaponte.meioambiente.go.gov.br\/#organization"},"potentialAction":[{"@type":"SearchAction","target":{"@type":"EntryPoint","urlTemplate":"https:\/\/cbhmeiaponte.meioambiente.go.gov.br\/?s={search_term_string}"},"query-input":{"@type":"PropertyValueSpecification","valueRequired":true,"valueName":"search_term_string"}}],"inLanguage":"pt-BR"},{"@type":"Organization","@id":"https:\/\/cbhmeiaponte.meioambiente.go.gov.br\/#organization","name":"cbhmeiaponte","url":"https:\/\/cbhmeiaponte.meioambiente.go.gov.br\/","logo":{"@type":"ImageObject","inLanguage":"pt-BR","@id":"https:\/\/cbhmeiaponte.meioambiente.go.gov.br\/#\/schema\/logo\/image\/","url":"https:\/\/i0.wp.com\/cbhmeiaponte.meioambiente.go.gov.br\/wp-content\/uploads\/2022\/04\/cropped-CBH-Meia-Ponte.png?fit=315%2C80&ssl=1","contentUrl":"https:\/\/i0.wp.com\/cbhmeiaponte.meioambiente.go.gov.br\/wp-content\/uploads\/2022\/04\/cropped-CBH-Meia-Ponte.png?fit=315%2C80&ssl=1","width":315,"height":80,"caption":"cbhmeiaponte"},"image":{"@id":"https:\/\/cbhmeiaponte.meioambiente.go.gov.br\/#\/schema\/logo\/image\/"}}]}},"featured_image_src":null,"featured_image_src_square":null,"jetpack_sharing_enabled":true,"_links":{"self":[{"href":"https:\/\/cbhmeiaponte.meioambiente.go.gov.br\/index.php?rest_route=\/wp\/v2\/pages\/30","targetHints":{"allow":["GET"]}}],"collection":[{"href":"https:\/\/cbhmeiaponte.meioambiente.go.gov.br\/index.php?rest_route=\/wp\/v2\/pages"}],"about":[{"href":"https:\/\/cbhmeiaponte.meioambiente.go.gov.br\/index.php?rest_route=\/wp\/v2\/types\/page"}],"author":[{"embeddable":true,"href":"https:\/\/cbhmeiaponte.meioambiente.go.gov.br\/index.php?rest_route=\/wp\/v2\/users\/2"}],"replies":[{"embeddable":true,"href":"https:\/\/cbhmeiaponte.meioambiente.go.gov.br\/index.php?rest_route=%2Fwp%2Fv2%2Fcomments&post=30"}],"version-history":[{"count":39,"href":"https:\/\/cbhmeiaponte.meioambiente.go.gov.br\/index.php?rest_route=\/wp\/v2\/pages\/30\/revisions"}],"predecessor-version":[{"id":1884,"href":"https:\/\/cbhmeiaponte.meioambiente.go.gov.br\/index.php?rest_route=\/wp\/v2\/pages\/30\/revisions\/1884"}],"wp:attachment":[{"href":"https:\/\/cbhmeiaponte.meioambiente.go.gov.br\/index.php?rest_route=%2Fwp%2Fv2%2Fmedia&parent=30"}],"curies":[{"name":"wp","href":"https:\/\/api.w.org\/{rel}","templated":true}]}}