{"id":357,"date":"2021-09-21T09:30:28","date_gmt":"2021-09-21T12:30:28","guid":{"rendered":"https:\/\/cbhmeiaponte.meioambiente.go.gov.br\/?page_id=357"},"modified":"2026-01-14T11:18:34","modified_gmt":"2026-01-14T14:18:34","slug":"diretoria","status":"publish","type":"page","link":"https:\/\/cbhmeiaponte.meioambiente.go.gov.br\/?page_id=357","title":{"rendered":"Diretoria"},"content":{"rendered":"\t\t<div data-elementor-type=\"wp-page\" data-elementor-id=\"357\" class=\"elementor elementor-357\" data-elementor-post-type=\"page\">\n\t\t\t\t<div class=\"elementor-element elementor-element-578391d e-grid e-con-boxed e-con e-parent\" data-id=\"578391d\" data-element_type=\"container\" data-e-type=\"container\">\n\t\t\t\t\t<div class=\"e-con-inner\">\n\t\t\t\t<div class=\"elementor-element elementor-element-80bc713 elementor-position-top elementor-widget elementor-widget-image-box\" data-id=\"80bc713\" data-element_type=\"widget\" data-e-type=\"widget\" data-widget_type=\"image-box.default\">\n\t\t\t\t<div class=\"elementor-widget-container\">\n\t\t\t\t\t<div class=\"elementor-image-box-wrapper\"><figure class=\"elementor-image-box-img\"><img decoding=\"async\" width=\"177\" height=\"177\" src=\"https:\/\/i0.wp.com\/cbhmeiaponte.meioambiente.go.gov.br\/wp-content\/uploads\/2025\/12\/Joao-Ricardo-Raise.png?fit=177%2C177&amp;ssl=1\" class=\"attachment-large size-large wp-image-1847\" alt=\"\" srcset=\"https:\/\/i0.wp.com\/cbhmeiaponte.meioambiente.go.gov.br\/wp-content\/uploads\/2025\/12\/Joao-Ricardo-Raise.png?w=177&amp;ssl=1 177w, https:\/\/i0.wp.com\/cbhmeiaponte.meioambiente.go.gov.br\/wp-content\/uploads\/2025\/12\/Joao-Ricardo-Raise.png?resize=150%2C150&amp;ssl=1 150w\" sizes=\"(max-width: 177px) 100vw, 177px\" \/><\/figure><div class=\"elementor-image-box-content\"><h3 class=\"elementor-image-box-title\">Jo\u00e3o Ricardo Raiser<\/h3><p class=\"elementor-image-box-description\">Secretaria de Estado de Meio Ambiente e Desenvolvimento Sustent\u00e1vel - SEMAD<br><strong>Presidente<\/strong><\/p><\/div><\/div>\t\t\t\t<\/div>\n\t\t\t\t<\/div>\n\t\t\t\t<div class=\"elementor-element elementor-element-fea8bc5 elementor-position-top elementor-widget elementor-widget-image-box\" data-id=\"fea8bc5\" data-element_type=\"widget\" data-e-type=\"widget\" data-widget_type=\"image-box.default\">\n\t\t\t\t<div class=\"elementor-widget-container\">\n\t\t\t\t\t<div class=\"elementor-image-box-wrapper\"><figure class=\"elementor-image-box-img\"><img decoding=\"async\" width=\"177\" height=\"177\" src=\"https:\/\/i0.wp.com\/cbhmeiaponte.meioambiente.go.gov.br\/wp-content\/uploads\/2025\/12\/Augusto-Cesar-Campos-de-Sousa-Machado.png?fit=177%2C177&amp;ssl=1\" class=\"attachment-large size-large wp-image-1846\" alt=\"\" srcset=\"https:\/\/i0.wp.com\/cbhmeiaponte.meioambiente.go.gov.br\/wp-content\/uploads\/2025\/12\/Augusto-Cesar-Campos-de-Sousa-Machado.png?w=177&amp;ssl=1 177w, https:\/\/i0.wp.com\/cbhmeiaponte.meioambiente.go.gov.br\/wp-content\/uploads\/2025\/12\/Augusto-Cesar-Campos-de-Sousa-Machado.png?resize=150%2C150&amp;ssl=1 150w\" sizes=\"(max-width: 177px) 100vw, 177px\" \/><\/figure><div class=\"elementor-image-box-content\"><h3 class=\"elementor-image-box-title\">Augusto C\u00e9sar Campos de Sousa Machado<\/h3><p class=\"elementor-image-box-description\">Minas PCH S.A\/Energias Complementares do Brasil \u2013 Gera\u00e7\u00e3o de Energia El\u00e9trica S.A. - ECBRASIL<br><strong>Vice-Presidente&lt;\/strong<\/p><\/div><\/div>\t\t\t\t<\/div>\n\t\t\t\t<\/div>\n\t\t\t\t\t<\/div>\n\t\t\t\t<\/div>\n\t\t<div class=\"elementor-element elementor-element-6a36b08 e-grid e-con-boxed e-con e-parent\" data-id=\"6a36b08\" data-element_type=\"container\" data-e-type=\"container\">\n\t\t\t\t\t<div class=\"e-con-inner\">\n\t\t\t\t<div class=\"elementor-element elementor-element-75c9704 elementor-position-top elementor-widget elementor-widget-image-box\" data-id=\"75c9704\" data-element_type=\"widget\" data-e-type=\"widget\" data-widget_type=\"image-box.default\">\n\t\t\t\t<div class=\"elementor-widget-container\">\n\t\t\t\t\t<div class=\"elementor-image-box-wrapper\"><figure class=\"elementor-image-box-img\"><img decoding=\"async\" width=\"177\" height=\"177\" src=\"https:\/\/i0.wp.com\/cbhmeiaponte.meioambiente.go.gov.br\/wp-content\/uploads\/2024\/05\/Artboard2_6.png?fit=177%2C177&amp;ssl=1\" class=\"attachment-large size-large wp-image-1486\" alt=\"\" srcset=\"https:\/\/i0.wp.com\/cbhmeiaponte.meioambiente.go.gov.br\/wp-content\/uploads\/2024\/05\/Artboard2_6.png?w=177&amp;ssl=1 177w, https:\/\/i0.wp.com\/cbhmeiaponte.meioambiente.go.gov.br\/wp-content\/uploads\/2024\/05\/Artboard2_6.png?resize=150%2C150&amp;ssl=1 150w\" sizes=\"(max-width: 177px) 100vw, 177px\" \/><\/figure><div class=\"elementor-image-box-content\"><h3 class=\"elementor-image-box-title\">Camila Dantas Lucio Roncato<\/h3><p class=\"elementor-image-box-description\">Saneamento de Goi\u00e1s S.A \u2013 Saneago - Goi\u00e2nia<br><strong>Secret\u00e1ria Executivo<\/strong><\/p><\/div><\/div>\t\t\t\t<\/div>\n\t\t\t\t<\/div>\n\t\t\t\t<div class=\"elementor-element elementor-element-bb39b74 elementor-position-top elementor-widget elementor-widget-image-box\" data-id=\"bb39b74\" data-element_type=\"widget\" data-e-type=\"widget\" data-widget_type=\"image-box.default\">\n\t\t\t\t<div class=\"elementor-widget-container\">\n\t\t\t\t\t<div class=\"elementor-image-box-wrapper\"><figure class=\"elementor-image-box-img\"><img loading=\"lazy\" decoding=\"async\" width=\"177\" height=\"177\" src=\"https:\/\/i0.wp.com\/cbhmeiaponte.meioambiente.go.gov.br\/wp-content\/uploads\/2025\/12\/Juliana-Moraes-Franzao.png?fit=177%2C177&amp;ssl=1\" class=\"attachment-large size-large wp-image-1848\" alt=\"\" srcset=\"https:\/\/i0.wp.com\/cbhmeiaponte.meioambiente.go.gov.br\/wp-content\/uploads\/2025\/12\/Juliana-Moraes-Franzao.png?w=177&amp;ssl=1 177w, https:\/\/i0.wp.com\/cbhmeiaponte.meioambiente.go.gov.br\/wp-content\/uploads\/2025\/12\/Juliana-Moraes-Franzao.png?resize=150%2C150&amp;ssl=1 150w\" sizes=\"(max-width: 177px) 100vw, 177px\" \/><\/figure><div class=\"elementor-image-box-content\"><h3 class=\"elementor-image-box-title\">Juliana Moraes Franz\u00e3o<\/h3><p class=\"elementor-image-box-description\">Instituto Federal de Educa\u00e7\u00e3o, Ci\u00eancia e Tecnologia de Goi\u00e1s \u2013 Campus Itumbiara<br><strong>2\u00ba Secret\u00e1ria Executiva Adjunta&lt;\/strong<\/p><\/div><\/div>\t\t\t\t<\/div>\n\t\t\t\t<\/div>\n\t\t\t\t\t<\/div>\n\t\t\t\t<\/div>\n\t\t\t\t<\/div>\n\t\t","protected":false},"excerpt":{"rendered":"<p>Jo\u00e3o Ricardo Raiser Secretaria de Estado de Meio Ambiente e Desenvolvimento Sustent\u00e1vel &#8211; SEMADPresidente Augusto C\u00e9sar Campos de Sousa Machado Minas PCH S.A\/Energias Complementares do Brasil \u2013 Gera\u00e7\u00e3o de Energia El\u00e9trica S.A. &#8211; ECBRASILVice-Presidente<\/p>\n","protected":false},"author":2,"featured_media":0,"parent":0,"menu_order":0,"comment_status":"closed","ping_status":"closed","template":"general-template.php","meta":{"footnotes":""},"class_list":["post-357","page","type-page","status-publish","hentry"],"yoast_head":"<!-- This site is optimized with the Yoast SEO plugin v27.3 - https:\/\/yoast.com\/product\/yoast-seo-wordpress\/ -->\n<title>Diretoria - cbhmeiaponte<\/title>\n<meta name=\"robots\" content=\"index, follow, max-snippet:-1, max-image-preview:large, max-video-preview:-1\" \/>\n<link rel=\"canonical\" href=\"https:\/\/cbhmeiaponte.meioambiente.go.gov.br\/?page_id=357\" \/>\n<meta property=\"og:locale\" content=\"pt_BR\" \/>\n<meta property=\"og:type\" content=\"article\" \/>\n<meta property=\"og:title\" content=\"Diretoria - cbhmeiaponte\" \/>\n<meta property=\"og:description\" content=\"Jo\u00e3o Ricardo Raiser Secretaria de Estado de Meio Ambiente e Desenvolvimento Sustent\u00e1vel &#8211; SEMADPresidente Augusto C\u00e9sar Campos de Sousa Machado Minas PCH S.A\/Energias Complementares do Brasil \u2013 Gera\u00e7\u00e3o de Energia El\u00e9trica S.A. &#8211; ECBRASILVice-Presidente\" \/>\n<meta property=\"og:url\" content=\"https:\/\/cbhmeiaponte.meioambiente.go.gov.br\/?page_id=357\" \/>\n<meta property=\"og:site_name\" content=\"cbhmeiaponte\" \/>\n<meta property=\"article:modified_time\" content=\"2026-01-14T14:18:34+00:00\" \/>\n<meta property=\"og:image\" content=\"https:\/\/cbhmeiaponte.meioambiente.go.gov.br\/wp-content\/uploads\/2025\/12\/Joao-Ricardo-Raise.png\" \/>\n<meta name=\"twitter:card\" content=\"summary_large_image\" \/>\n<meta name=\"twitter:label1\" content=\"Est. tempo de leitura\" \/>\n\t<meta name=\"twitter:data1\" content=\"2 minutos\" \/>\n<script type=\"application\/ld+json\" class=\"yoast-schema-graph\">{\"@context\":\"https:\\\/\\\/schema.org\",\"@graph\":[{\"@type\":\"WebPage\",\"@id\":\"https:\\\/\\\/cbhmeiaponte.meioambiente.go.gov.br\\\/?page_id=357\",\"url\":\"https:\\\/\\\/cbhmeiaponte.meioambiente.go.gov.br\\\/?page_id=357\",\"name\":\"Diretoria - cbhmeiaponte\",\"isPartOf\":{\"@id\":\"https:\\\/\\\/cbhmeiaponte.meioambiente.go.gov.br\\\/#website\"},\"primaryImageOfPage\":{\"@id\":\"https:\\\/\\\/cbhmeiaponte.meioambiente.go.gov.br\\\/?page_id=357#primaryimage\"},\"image\":{\"@id\":\"https:\\\/\\\/cbhmeiaponte.meioambiente.go.gov.br\\\/?page_id=357#primaryimage\"},\"thumbnailUrl\":\"https:\\\/\\\/cbhmeiaponte.meioambiente.go.gov.br\\\/wp-content\\\/uploads\\\/2025\\\/12\\\/Joao-Ricardo-Raise.png\",\"datePublished\":\"2021-09-21T12:30:28+00:00\",\"dateModified\":\"2026-01-14T14:18:34+00:00\",\"breadcrumb\":{\"@id\":\"https:\\\/\\\/cbhmeiaponte.meioambiente.go.gov.br\\\/?page_id=357#breadcrumb\"},\"inLanguage\":\"pt-BR\",\"potentialAction\":[{\"@type\":\"ReadAction\",\"target\":[\"https:\\\/\\\/cbhmeiaponte.meioambiente.go.gov.br\\\/?page_id=357\"]}]},{\"@type\":\"ImageObject\",\"inLanguage\":\"pt-BR\",\"@id\":\"https:\\\/\\\/cbhmeiaponte.meioambiente.go.gov.br\\\/?page_id=357#primaryimage\",\"url\":\"https:\\\/\\\/i0.wp.com\\\/cbhmeiaponte.meioambiente.go.gov.br\\\/wp-content\\\/uploads\\\/2025\\\/12\\\/Joao-Ricardo-Raise.png?fit=177%2C177&ssl=1\",\"contentUrl\":\"https:\\\/\\\/i0.wp.com\\\/cbhmeiaponte.meioambiente.go.gov.br\\\/wp-content\\\/uploads\\\/2025\\\/12\\\/Joao-Ricardo-Raise.png?fit=177%2C177&ssl=1\",\"width\":177,\"height\":177},{\"@type\":\"BreadcrumbList\",\"@id\":\"https:\\\/\\\/cbhmeiaponte.meioambiente.go.gov.br\\\/?page_id=357#breadcrumb\",\"itemListElement\":[{\"@type\":\"ListItem\",\"position\":1,\"name\":\"In\u00edcio\",\"item\":\"https:\\\/\\\/cbhmeiaponte.meioambiente.go.gov.br\\\/\"},{\"@type\":\"ListItem\",\"position\":2,\"name\":\"Diretoria\"}]},{\"@type\":\"WebSite\",\"@id\":\"https:\\\/\\\/cbhmeiaponte.meioambiente.go.gov.br\\\/#website\",\"url\":\"https:\\\/\\\/cbhmeiaponte.meioambiente.go.gov.br\\\/\",\"name\":\"cbhmeiaponte\",\"description\":\"Comit\u00ea da Bacia Hidrogr\u00e1fica do Rio Meia Ponte\",\"publisher\":{\"@id\":\"https:\\\/\\\/cbhmeiaponte.meioambiente.go.gov.br\\\/#organization\"},\"potentialAction\":[{\"@type\":\"SearchAction\",\"target\":{\"@type\":\"EntryPoint\",\"urlTemplate\":\"https:\\\/\\\/cbhmeiaponte.meioambiente.go.gov.br\\\/?s={search_term_string}\"},\"query-input\":{\"@type\":\"PropertyValueSpecification\",\"valueRequired\":true,\"valueName\":\"search_term_string\"}}],\"inLanguage\":\"pt-BR\"},{\"@type\":\"Organization\",\"@id\":\"https:\\\/\\\/cbhmeiaponte.meioambiente.go.gov.br\\\/#organization\",\"name\":\"cbhmeiaponte\",\"url\":\"https:\\\/\\\/cbhmeiaponte.meioambiente.go.gov.br\\\/\",\"logo\":{\"@type\":\"ImageObject\",\"inLanguage\":\"pt-BR\",\"@id\":\"https:\\\/\\\/cbhmeiaponte.meioambiente.go.gov.br\\\/#\\\/schema\\\/logo\\\/image\\\/\",\"url\":\"https:\\\/\\\/i0.wp.com\\\/cbhmeiaponte.meioambiente.go.gov.br\\\/wp-content\\\/uploads\\\/2022\\\/04\\\/cropped-CBH-Meia-Ponte.png?fit=315%2C80&ssl=1\",\"contentUrl\":\"https:\\\/\\\/i0.wp.com\\\/cbhmeiaponte.meioambiente.go.gov.br\\\/wp-content\\\/uploads\\\/2022\\\/04\\\/cropped-CBH-Meia-Ponte.png?fit=315%2C80&ssl=1\",\"width\":315,\"height\":80,\"caption\":\"cbhmeiaponte\"},\"image\":{\"@id\":\"https:\\\/\\\/cbhmeiaponte.meioambiente.go.gov.br\\\/#\\\/schema\\\/logo\\\/image\\\/\"}}]}<\/script>\n<!-- \/ Yoast SEO plugin. -->","yoast_head_json":{"title":"Diretoria - cbhmeiaponte","robots":{"index":"index","follow":"follow","max-snippet":"max-snippet:-1","max-image-preview":"max-image-preview:large","max-video-preview":"max-video-preview:-1"},"canonical":"https:\/\/cbhmeiaponte.meioambiente.go.gov.br\/?page_id=357","og_locale":"pt_BR","og_type":"article","og_title":"Diretoria - cbhmeiaponte","og_description":"Jo\u00e3o Ricardo Raiser Secretaria de Estado de Meio Ambiente e Desenvolvimento Sustent\u00e1vel &#8211; SEMADPresidente Augusto C\u00e9sar Campos de Sousa Machado Minas PCH S.A\/Energias Complementares do Brasil \u2013 Gera\u00e7\u00e3o de Energia El\u00e9trica S.A. &#8211; ECBRASILVice-Presidente","og_url":"https:\/\/cbhmeiaponte.meioambiente.go.gov.br\/?page_id=357","og_site_name":"cbhmeiaponte","article_modified_time":"2026-01-14T14:18:34+00:00","og_image":[{"url":"https:\/\/cbhmeiaponte.meioambiente.go.gov.br\/wp-content\/uploads\/2025\/12\/Joao-Ricardo-Raise.png","type":"","width":"","height":""}],"twitter_card":"summary_large_image","twitter_misc":{"Est. tempo de leitura":"2 minutos"},"schema":{"@context":"https:\/\/schema.org","@graph":[{"@type":"WebPage","@id":"https:\/\/cbhmeiaponte.meioambiente.go.gov.br\/?page_id=357","url":"https:\/\/cbhmeiaponte.meioambiente.go.gov.br\/?page_id=357","name":"Diretoria - cbhmeiaponte","isPartOf":{"@id":"https:\/\/cbhmeiaponte.meioambiente.go.gov.br\/#website"},"primaryImageOfPage":{"@id":"https:\/\/cbhmeiaponte.meioambiente.go.gov.br\/?page_id=357#primaryimage"},"image":{"@id":"https:\/\/cbhmeiaponte.meioambiente.go.gov.br\/?page_id=357#primaryimage"},"thumbnailUrl":"https:\/\/cbhmeiaponte.meioambiente.go.gov.br\/wp-content\/uploads\/2025\/12\/Joao-Ricardo-Raise.png","datePublished":"2021-09-21T12:30:28+00:00","dateModified":"2026-01-14T14:18:34+00:00","breadcrumb":{"@id":"https:\/\/cbhmeiaponte.meioambiente.go.gov.br\/?page_id=357#breadcrumb"},"inLanguage":"pt-BR","potentialAction":[{"@type":"ReadAction","target":["https:\/\/cbhmeiaponte.meioambiente.go.gov.br\/?page_id=357"]}]},{"@type":"ImageObject","inLanguage":"pt-BR","@id":"https:\/\/cbhmeiaponte.meioambiente.go.gov.br\/?page_id=357#primaryimage","url":"https:\/\/i0.wp.com\/cbhmeiaponte.meioambiente.go.gov.br\/wp-content\/uploads\/2025\/12\/Joao-Ricardo-Raise.png?fit=177%2C177&ssl=1","contentUrl":"https:\/\/i0.wp.com\/cbhmeiaponte.meioambiente.go.gov.br\/wp-content\/uploads\/2025\/12\/Joao-Ricardo-Raise.png?fit=177%2C177&ssl=1","width":177,"height":177},{"@type":"BreadcrumbList","@id":"https:\/\/cbhmeiaponte.meioambiente.go.gov.br\/?page_id=357#breadcrumb","itemListElement":[{"@type":"ListItem","position":1,"name":"In\u00edcio","item":"https:\/\/cbhmeiaponte.meioambiente.go.gov.br\/"},{"@type":"ListItem","position":2,"name":"Diretoria"}]},{"@type":"WebSite","@id":"https:\/\/cbhmeiaponte.meioambiente.go.gov.br\/#website","url":"https:\/\/cbhmeiaponte.meioambiente.go.gov.br\/","name":"cbhmeiaponte","description":"Comit\u00ea da Bacia Hidrogr\u00e1fica do Rio Meia Ponte","publisher":{"@id":"https:\/\/cbhmeiaponte.meioambiente.go.gov.br\/#organization"},"potentialAction":[{"@type":"SearchAction","target":{"@type":"EntryPoint","urlTemplate":"https:\/\/cbhmeiaponte.meioambiente.go.gov.br\/?s={search_term_string}"},"query-input":{"@type":"PropertyValueSpecification","valueRequired":true,"valueName":"search_term_string"}}],"inLanguage":"pt-BR"},{"@type":"Organization","@id":"https:\/\/cbhmeiaponte.meioambiente.go.gov.br\/#organization","name":"cbhmeiaponte","url":"https:\/\/cbhmeiaponte.meioambiente.go.gov.br\/","logo":{"@type":"ImageObject","inLanguage":"pt-BR","@id":"https:\/\/cbhmeiaponte.meioambiente.go.gov.br\/#\/schema\/logo\/image\/","url":"https:\/\/i0.wp.com\/cbhmeiaponte.meioambiente.go.gov.br\/wp-content\/uploads\/2022\/04\/cropped-CBH-Meia-Ponte.png?fit=315%2C80&ssl=1","contentUrl":"https:\/\/i0.wp.com\/cbhmeiaponte.meioambiente.go.gov.br\/wp-content\/uploads\/2022\/04\/cropped-CBH-Meia-Ponte.png?fit=315%2C80&ssl=1","width":315,"height":80,"caption":"cbhmeiaponte"},"image":{"@id":"https:\/\/cbhmeiaponte.meioambiente.go.gov.br\/#\/schema\/logo\/image\/"}}]}},"featured_image_src":null,"featured_image_src_square":null,"jetpack_sharing_enabled":true,"_links":{"self":[{"href":"https:\/\/cbhmeiaponte.meioambiente.go.gov.br\/index.php?rest_route=\/wp\/v2\/pages\/357","targetHints":{"allow":["GET"]}}],"collection":[{"href":"https:\/\/cbhmeiaponte.meioambiente.go.gov.br\/index.php?rest_route=\/wp\/v2\/pages"}],"about":[{"href":"https:\/\/cbhmeiaponte.meioambiente.go.gov.br\/index.php?rest_route=\/wp\/v2\/types\/page"}],"author":[{"embeddable":true,"href":"https:\/\/cbhmeiaponte.meioambiente.go.gov.br\/index.php?rest_route=\/wp\/v2\/users\/2"}],"replies":[{"embeddable":true,"href":"https:\/\/cbhmeiaponte.meioambiente.go.gov.br\/index.php?rest_route=%2Fwp%2Fv2%2Fcomments&post=357"}],"version-history":[{"count":55,"href":"https:\/\/cbhmeiaponte.meioambiente.go.gov.br\/index.php?rest_route=\/wp\/v2\/pages\/357\/revisions"}],"predecessor-version":[{"id":1871,"href":"https:\/\/cbhmeiaponte.meioambiente.go.gov.br\/index.php?rest_route=\/wp\/v2\/pages\/357\/revisions\/1871"}],"wp:attachment":[{"href":"https:\/\/cbhmeiaponte.meioambiente.go.gov.br\/index.php?rest_route=%2Fwp%2Fv2%2Fmedia&parent=357"}],"curies":[{"name":"wp","href":"https:\/\/api.w.org\/{rel}","templated":true}]}}